{"id":101,"date":"2023-05-13T09:30:14","date_gmt":"2023-05-13T09:30:14","guid":{"rendered":"http:\/\/www.myllylahdenmusiikki.fi\/?page_id=101"},"modified":"2023-05-13T09:30:15","modified_gmt":"2023-05-13T09:30:15","slug":"tulevaa","status":"publish","type":"page","link":"http:\/\/www.myllylahdenmusiikki.fi\/index.php\/tulevaa\/","title":{"rendered":"Tulevaa"},"content":{"rendered":"\n<p>Myllylahden Musiikin ydinporukka pit\u00e4\u00e4 tuntosarvet alati koholla suunnitellen jo seuraavia musiikkitapahtumia. Perinteit\u00e4 kunnioittaen pyrimme pit\u00e4m\u00e4\u00e4n SuomussalmiRockin vakiotapahtumana. Sen lis\u00e4ksi autamme mielell\u00e4mme esim. kyl\u00e4yhdistyksi\u00e4 j\u00e4rjest\u00e4m\u00e4\u00e4n omia musiikkirientoja. Yhdistys j\u00e4rjest\u00e4\u00e4 my\u00f6s koulutusta, mm. karaokekursseja, joissa osallistujat p\u00e4\u00e4sev\u00e4t halutessaan my\u00f6s lavalle laulamaan liveb\u00e4ndin s\u00e4estyksell\u00e4.<\/p>\n\n\n\n<p><\/p>\n","protected":false},"excerpt":{"rendered":"<p>Myllylahden Musiikin ydinporukka pit\u00e4\u00e4 tuntosarvet alati koholla suunnitellen jo seuraavia musiikkitapahtumia. Perinteit\u00e4 kunnioittaen pyrimme pit\u00e4m\u00e4\u00e4n SuomussalmiRockin vakiotapahtumana. Sen lis\u00e4ksi autamme mielell\u00e4mme esim. kyl\u00e4yhdistyksi\u00e4 j\u00e4rjest\u00e4m\u00e4\u00e4n omia musiikkirientoja. Yhdistys j\u00e4rjest\u00e4\u00e4 my\u00f6s koulutusta, mm. karaokekursseja, joissa osallistujat p\u00e4\u00e4sev\u00e4t halutessaan my\u00f6s lavalle laulamaan liveb\u00e4ndin s\u00e4estyksell\u00e4.<\/p>\n","protected":false},"author":1,"featured_media":0,"parent":0,"menu_order":0,"comment_status":"closed","ping_status":"closed","template":"","meta":[],"_links":{"self":[{"href":"http:\/\/www.myllylahdenmusiikki.fi\/index.php\/wp-json\/wp\/v2\/pages\/101"}],"collection":[{"href":"http:\/\/www.myllylahdenmusiikki.fi\/index.php\/wp-json\/wp\/v2\/pages"}],"about":[{"href":"http:\/\/www.myllylahdenmusiikki.fi\/index.php\/wp-json\/wp\/v2\/types\/page"}],"author":[{"embeddable":true,"href":"http:\/\/www.myllylahdenmusiikki.fi\/index.php\/wp-json\/wp\/v2\/users\/1"}],"replies":[{"embeddable":true,"href":"http:\/\/www.myllylahdenmusiikki.fi\/index.php\/wp-json\/wp\/v2\/comments?post=101"}],"version-history":[{"count":1,"href":"http:\/\/www.myllylahdenmusiikki.fi\/index.php\/wp-json\/wp\/v2\/pages\/101\/revisions"}],"predecessor-version":[{"id":102,"href":"http:\/\/www.myllylahdenmusiikki.fi\/index.php\/wp-json\/wp\/v2\/pages\/101\/revisions\/102"}],"wp:attachment":[{"href":"http:\/\/www.myllylahdenmusiikki.fi\/index.php\/wp-json\/wp\/v2\/media?parent=101"}],"curies":[{"name":"wp","href":"https:\/\/api.w.org\/{rel}","templated":true}]}}